{"id":9,"date":"2025-04-28T20:16:02","date_gmt":"2025-04-28T20:16:02","guid":{"rendered":"https:\/\/guardianesdelacocha.revistacitrico.com\/?page_id=9"},"modified":"2025-05-19T02:20:42","modified_gmt":"2025-05-19T02:20:42","slug":"inicio","status":"publish","type":"page","link":"https:\/\/guardianesdelacocha.revistacitrico.com\/","title":{"rendered":"Inicio"},"content":{"rendered":"<p>[et_pb_section fb_built=\u00bb1&#8243; admin_label=\u00bbHeader\u00bb module_id=\u00bb1&#8243; _builder_version=\u00bb4.21.0&#8243; _module_preset=\u00bbdefault\u00bb background_color=\u00bb#687D65&#8243; background_color_gradient_direction=\u00bb90deg\u00bb overflow-x=\u00bbhidden\u00bb overflow-y=\u00bbhidden\u00bb custom_padding=\u00bb0px||0px||false|false\u00bb global_colors_info=\u00bb{%22gcid-69e972fe-da24-4a3a-ae69-014a9d9ad22b%22:%91%22colorStart%22%93}\u00bb][et_pb_row _builder_version=\u00bb4.21.0&#8243; _module_preset=\u00bbdefault\u00bb sticky_position=\u00bbtop\u00bb hover_enabled=\u00bb0&#8243; global_colors_info=\u00bb{}\u00bb sticky_enabled=\u00bb0&#8243;][et_pb_column type=\u00bb4_4&#8243; _builder_version=\u00bb4.21.0&#8243; _module_preset=\u00bbdefault\u00bb global_colors_info=\u00bb{}\u00bb][et_pb_menu _builder_version=\u00bb4.21.0&#8243; _module_preset=\u00bbdefault\u00bb hover_enabled=\u00bb0&#8243; global_colors_info=\u00bb{}\u00bb menu_id=\u00bb4&#8243; sticky_enabled=\u00bb0&#8243; menu_style=\u00bbcentered\u00bb][\/et_pb_menu][\/et_pb_column][\/et_pb_row][et_pb_row column_structure=\u00bb1_2,1_2&#8243; use_custom_gutter=\u00bbon\u00bb gutter_width=\u00bb1&#8243; _builder_version=\u00bb4.16&#8243; _module_preset=\u00bbdefault\u00bb min_height=\u00bb841.2px\u00bb custom_padding=\u00bb0px||0px||true|false\u00bb global_colors_info=\u00bb{}\u00bb][et_pb_column type=\u00bb1_2&#8243; _builder_version=\u00bb4.16&#8243; _module_preset=\u00bbdefault\u00bb custom_padding=\u00bb100px|60px|200px||false|false\u00bb custom_padding_tablet=\u00bb60px|0px|60px||true|false\u00bb custom_padding_phone=\u00bb40px||40px||true|false\u00bb custom_padding_last_edited=\u00bbon|phone\u00bb global_colors_info=\u00bb{}\u00bb][et_pb_text _builder_version=\u00bb4.21.0&#8243; _module_preset=\u00bbe598b17a-9229-42f6-b238-019d6094332e\u00bb header_font=\u00bbNoto Serif||||||||\u00bb header_text_color=\u00bb#FFFFFF\u00bb header_font_size=\u00bb90px\u00bb header_line_height=\u00bb1.1em\u00bb background_enable_color=\u00bboff\u00bb background_enable_image=\u00bboff\u00bb background_size=\u00bbinitial\u00bb background_position=\u00bbtop_right\u00bb width=\u00bb100%\u00bb custom_margin=\u00bb||10px||false|false\u00bb header_font_size_tablet=\u00bb50px\u00bb header_font_size_phone=\u00bb30px\u00bb header_font_size_last_edited=\u00bbon|phone\u00bb header_line_height_tablet=\u00bb1.2em\u00bb header_line_height_phone=\u00bb1.2em\u00bb header_line_height_last_edited=\u00bbon|desktop\u00bb locked=\u00bboff\u00bb inline_fonts=\u00bbAbhaya Libre\u00bb global_colors_info=\u00bb{}\u00bb]<\/p>\n<h1><span style=\"text-decoration: underline;\"><span style=\"font-family: inherit; font-weight: normal;\"><strong><span style=\"font-size: xx-large;\">Guardianes de la Cocha<\/span><\/strong><\/span><\/span><\/h1>\n<p>&nbsp;<\/p>\n<p>[\/et_pb_text][et_pb_text _builder_version=\u00bb4.21.0&#8243; _module_preset=\u00bb7262e956-c376-4aa6-9642-c413f71527d0&#8243; text_text_color=\u00bb#FFFFFF\u00bb text_line_height=\u00bb1.8em\u00bb background_enable_color=\u00bboff\u00bb custom_margin=\u00bb30px||30px|50px|true|false\u00bb custom_margin_tablet=\u00bb|||0px|false|false\u00bb custom_margin_phone=\u00bb\u00bb custom_margin_last_edited=\u00bbon|phone\u00bb custom_padding=\u00bb||0px||false|false\u00bb custom_padding_tablet=\u00bb30px||30px|60px|false|false\u00bb custom_padding_phone=\u00bb20px||20px|0px|true|false\u00bb custom_padding_last_edited=\u00bboff|desktop\u00bb text_font_size_tablet=\u00bb\u00bb text_font_size_phone=\u00bb13px\u00bb text_font_size_last_edited=\u00bbon|phone\u00bb header_font_size_tablet=\u00bb55px\u00bb header_font_size_last_edited=\u00bboff|desktop\u00bb locked=\u00bboff\u00bb global_colors_info=\u00bb{}\u00bb]<\/p>\n<blockquote>\n<p><span style=\"font-size: large;\">Este colectivo esta conformado por 27 estudiantes del grado 9:2 de la IEM El Encano y por 6 estudiantes de la Universidad Mariana del octavo semestre de Comunicaci\u00f3n Social y tiene como objetivo principal fortalecer el conocimiento y la conciencia ambiental de la comunidad estudiantil de El Encano, a trav\u00e9s de una estrategia educomunicativa centrada en la preservaci\u00f3n y protecci\u00f3n del medio ambiente. La iniciativa se enmarca en la necesidad de empoderar a los estudiantes como agentes de cambio ambiental y fomentar pr\u00e1cticas sostenibles en su comunidad.<\/span><\/p>\n<\/blockquote>\n<p>[\/et_pb_text][\/et_pb_column][et_pb_column type=\u00bb1_2&#8243; _builder_version=\u00bb4.16&#8243; _module_preset=\u00bbdefault\u00bb global_colors_info=\u00bb{}\u00bb][et_pb_image src=\u00bbhttps:\/\/guardianesdelacocha.revistacitrico.com\/wp-content\/uploads\/2025\/05\/Guardianes1.jpeg\u00bb title_text=\u00bbGuardianes1&#8243; _builder_version=\u00bb4.21.0&#8243; _module_preset=\u00bbdefault\u00bb custom_margin=\u00bb|-60%|||false|false\u00bb custom_margin_tablet=\u00bb|0%|||false|false\u00bb custom_margin_phone=\u00bb\u00bb custom_margin_last_edited=\u00bbon|tablet\u00bb locked=\u00bboff\u00bb global_colors_info=\u00bb{}\u00bb][\/et_pb_image][\/et_pb_column][\/et_pb_row][\/et_pb_section][et_pb_section fb_built=\u00bb1&#8243; _builder_version=\u00bb4.21.0&#8243; _module_preset=\u00bbdefault\u00bb global_colors_info=\u00bb{}\u00bb][et_pb_row _builder_version=\u00bb4.21.0&#8243; _module_preset=\u00bbdefault\u00bb global_colors_info=\u00bb{}\u00bb][et_pb_column type=\u00bb4_4&#8243; _builder_version=\u00bb4.21.0&#8243; _module_preset=\u00bbdefault\u00bb global_colors_info=\u00bb{}\u00bb][\/et_pb_column][\/et_pb_row][\/et_pb_section][et_pb_section fb_built=\u00bb1&#8243; admin_label=\u00bbAbout\u00bb module_id=\u00bb2&#8243; _builder_version=\u00bb4.21.0&#8243; _module_preset=\u00bbdefault\u00bb use_background_color_gradient=\u00bbon\u00bb background_color_gradient_direction=\u00bb90deg\u00bb background_color_gradient_stops=\u00bb#fffaf4 50%|#ffffff 50%\u00bb background_color_gradient_start=\u00bb#fffaf4&#8243; background_color_gradient_start_position=\u00bb50%\u00bb background_color_gradient_end=\u00bb#ffffff\u00bb background_color_gradient_end_position=\u00bb50%\u00bb custom_padding=\u00bb0px||0px||true|false\u00bb hover_enabled=\u00bb0&#8243; global_colors_info=\u00bb{}\u00bb sticky_enabled=\u00bb0&#8243;][et_pb_row column_structure=\u00bb1_2,1_2&#8243; use_custom_gutter=\u00bbon\u00bb gutter_width=\u00bb1&#8243; _builder_version=\u00bb4.16&#8243; _module_preset=\u00bbdefault\u00bb global_colors_info=\u00bb{}\u00bb][et_pb_column type=\u00bb1_2&#8243; _builder_version=\u00bb4.16&#8243; _module_preset=\u00bbdefault\u00bb global_colors_info=\u00bb{}\u00bb][et_pb_image src=\u00bbhttps:\/\/guardianesdelacocha.revistacitrico.com\/wp-content\/uploads\/2025\/05\/Guardianes2-1-scaled.jpg\u00bb title_text=\u00bbGuardianes2&#8243; align=\u00bbright\u00bb align_tablet=\u00bbcenter\u00bb align_phone=\u00bb\u00bb align_last_edited=\u00bbon|tablet\u00bb _builder_version=\u00bb4.21.0&#8243; _module_preset=\u00bbdefault\u00bb width=\u00bb100%\u00bb max_width=\u00bb100%\u00bb module_alignment=\u00bbright\u00bb custom_margin=\u00bb-30%||||false|false\u00bb custom_margin_tablet=\u00bb0px||||false|false\u00bb custom_margin_phone=\u00bb\u00bb custom_margin_last_edited=\u00bbon|tablet\u00bb global_colors_info=\u00bb{}\u00bb][\/et_pb_image][\/et_pb_column][et_pb_column type=\u00bb1_2&#8243; _builder_version=\u00bb4.16&#8243; _module_preset=\u00bbdefault\u00bb custom_padding=\u00bb100px|0px|100px|60px|true|false\u00bb custom_padding_tablet=\u00bb0px||0px|0px|true|false\u00bb custom_padding_phone=\u00bb|||0px|true|false\u00bb custom_padding_last_edited=\u00bbon|desktop\u00bb global_colors_info=\u00bb{}\u00bb][et_pb_text _builder_version=\u00bb4.16&#8243; _module_preset=\u00bb003e9429-8e11-4d9e-968b-8881092bbf81&#8243; header_2_font=\u00bbNoto Serif||||||||\u00bb header_2_text_color=\u00bb#000000&#8243; header_2_font_size=\u00bb50px\u00bb header_2_line_height=\u00bb1.3em\u00bb custom_margin=\u00bb||10px||false|false\u00bb header_2_font_size_tablet=\u00bb32px\u00bb header_2_font_size_phone=\u00bb18px\u00bb header_2_font_size_last_edited=\u00bbon|desktop\u00bb header_2_line_height_tablet=\u00bb1.2em\u00bb header_2_line_height_phone=\u00bb1.2em\u00bb header_2_line_height_last_edited=\u00bboff|desktop\u00bb locked=\u00bboff\u00bb global_colors_info=\u00bb{}\u00bb]<\/p>\n<h2>\u00bfQue hacemos?<\/h2>\n<p>[\/et_pb_text][et_pb_text _builder_version=\u00bb4.21.0&#8243; _module_preset=\u00bb7262e956-c376-4aa6-9642-c413f71527d0&#8243; text_line_height=\u00bb1.8em\u00bb text_font_size_tablet=\u00bb\u00bb text_font_size_phone=\u00bb13px\u00bb text_font_size_last_edited=\u00bbon|phone\u00bb header_font_size_tablet=\u00bb55px\u00bb header_font_size_last_edited=\u00bboff|desktop\u00bb locked=\u00bboff\u00bb global_colors_info=\u00bb{}\u00bb]<\/p>\n<h4 class=\"Theme-Layer-BodyText-Heading-xs Theme-TextSize-smallest h-align-left\">Procesos Educomunicativos<\/h4>\n<h4 class=\"Theme-Layer-BodyText-Heading-xs Theme-TextSize-xxxsmall h-align-left\">Algunos de los procesos Educomunicativos implementados por nuestro colectivo son; capsulas radiales, reels para redes sociales, animaciones y videos<\/h4>\n<p>[\/et_pb_text][\/et_pb_column][\/et_pb_row][\/et_pb_section][et_pb_section fb_built=\u00bb1&#8243; admin_label=\u00bbServices\u00bb _builder_version=\u00bb4.16&#8243; _module_preset=\u00bbdefault\u00bb background_color=\u00bb#FFFAF4&#8243; background_color_gradient_direction=\u00bb90deg\u00bb custom_padding=\u00bb0px||||false|false\u00bb global_colors_info=\u00bb{}\u00bb][et_pb_row column_structure=\u00bb1_3,1_3,1_3&#8243; custom_padding_last_edited=\u00bboff|desktop\u00bb _builder_version=\u00bb4.16&#8243; _module_preset=\u00bbdefault\u00bb background_color=\u00bb#282828&#8243; custom_padding=\u00bb80px||15vw||false|false\u00bb custom_padding_tablet=\u00bb|30px||30px|false|true\u00bb custom_padding_phone=\u00bb|20px||20px|false|true\u00bb box_shadow_style=\u00bbpreset4&#8243; box_shadow_horizontal=\u00bb-30vw\u00bb box_shadow_vertical=\u00bb0px\u00bb box_shadow_color=\u00bb#282828&#8243; global_colors_info=\u00bb{}\u00bb][et_pb_column type=\u00bb1_3&#8243; _builder_version=\u00bb4.16&#8243; _module_preset=\u00bbdefault\u00bb global_colors_info=\u00bb{}\u00bb][et_pb_image src=\u00bbhttps:\/\/guardianesdelacocha.revistacitrico.com\/wp-content\/uploads\/2025\/05\/home-staging_08.png\u00bb title_text=\u00bbhome-staging_08&#8243; _builder_version=\u00bb4.16&#8243; _module_preset=\u00bbdefault\u00bb custom_margin=\u00bb-200px||||false|false\u00bb custom_margin_tablet=\u00bb-80px||||false|false\u00bb custom_margin_phone=\u00bb-80px||||false|false\u00bb custom_margin_last_edited=\u00bbon|tablet\u00bb global_colors_info=\u00bb{}\u00bb][\/et_pb_image][\/et_pb_column][et_pb_column type=\u00bb1_3&#8243; _builder_version=\u00bb4.16&#8243; _module_preset=\u00bbdefault\u00bb global_colors_info=\u00bb{}\u00bb][et_pb_text _builder_version=\u00bb4.16&#8243; _module_preset=\u00bb003e9429-8e11-4d9e-968b-8881092bbf81&#8243; header_2_font=\u00bbNoto Serif||||||||\u00bb header_2_text_align=\u00bbcenter\u00bb header_2_text_color=\u00bb#FFFFFF\u00bb header_2_font_size=\u00bb50px\u00bb header_2_line_height=\u00bb1.3em\u00bb custom_margin=\u00bb||10px||false|false\u00bb header_2_font_size_tablet=\u00bb32px\u00bb header_2_font_size_phone=\u00bb18px\u00bb header_2_font_size_last_edited=\u00bbon|desktop\u00bb header_2_line_height_tablet=\u00bb1.2em\u00bb header_2_line_height_phone=\u00bb1.2em\u00bb header_2_line_height_last_edited=\u00bboff|desktop\u00bb locked=\u00bboff\u00bb global_colors_info=\u00bb{}\u00bb]<\/p>\n<h2><span style=\"font-size: large;\">Procesos Educomunicativos\u00a0<\/span><\/h2>\n<p>[\/et_pb_text][et_pb_image src=\u00bbhttps:\/\/guardianesdelacocha.revistacitrico.com\/wp-content\/uploads\/2025\/05\/home-staging_09.png\u00bb title_text=\u00bbhome-staging_09&#8243; align=\u00bbcenter\u00bb _builder_version=\u00bb4.16&#8243; _module_preset=\u00bbdefault\u00bb global_colors_info=\u00bb{}\u00bb][\/et_pb_image][\/et_pb_column][et_pb_column type=\u00bb1_3&#8243; _builder_version=\u00bb4.16&#8243; _module_preset=\u00bbdefault\u00bb global_colors_info=\u00bb{}\u00bb][\/et_pb_column][\/et_pb_row][et_pb_row column_structure=\u00bb1_3,1_3,1_3&#8243; use_custom_gutter=\u00bbon\u00bb gutter_width=\u00bb2&#8243; _builder_version=\u00bb4.16&#8243; _module_preset=\u00bbdefault\u00bb transform_translate=\u00bb1px|0px\u00bb transform_translate_linked=\u00bboff\u00bb custom_margin=\u00bb-12vw||||false|false\u00bb global_colors_info=\u00bb{}\u00bb][et_pb_column type=\u00bb1_3&#8243; _builder_version=\u00bb4.16&#8243; _module_preset=\u00bbdefault\u00bb background_color=\u00bb#ffffff\u00bb custom_padding=\u00bb30px|30px|30px|30px|true|true\u00bb custom_padding_tablet=\u00bb\u00bb custom_padding_phone=\u00bb20px|20px|20px|20px|true|true\u00bb custom_padding_last_edited=\u00bbon|phone\u00bb global_colors_info=\u00bb{}\u00bb][et_pb_image src=\u00bbhttps:\/\/guardianesdelacocha.revistacitrico.com\/wp-content\/uploads\/2025\/05\/IMG_2551-1-scaled.jpg\u00bb title_text=\u00bbIMG_2551&#8243; _builder_version=\u00bb4.21.0&#8243; _module_preset=\u00bbdefault\u00bb custom_margin=\u00bb-100px||40px||false|false\u00bb custom_margin_tablet=\u00bb0px||||false|false\u00bb custom_margin_phone=\u00bb\u00bb custom_margin_last_edited=\u00bbon|phone\u00bb box_shadow_style=\u00bbpreset3&#8243; box_shadow_vertical=\u00bb20px\u00bb box_shadow_blur=\u00bb50px\u00bb box_shadow_spread=\u00bb0px\u00bb box_shadow_color=\u00bbrgba(40,40,40,0.4)\u00bb locked=\u00bboff\u00bb global_colors_info=\u00bb{}\u00bb][\/et_pb_image][et_pb_text _builder_version=\u00bb4.16&#8243; _module_preset=\u00bb0c6bc8be-1265-496d-a8dc-bc5e9a9a9edf\u00bb header_font=\u00bb||||||||\u00bb header_3_font=\u00bbNoto Serif||||||||\u00bb header_3_text_color=\u00bb#000000&#8243; header_3_font_size=\u00bb20px\u00bb header_3_line_height=\u00bb1.4em\u00bb header_4_font_size=\u00bb20px\u00bb custom_margin=\u00bb||-1px||false|false\u00bb header_3_font_size_tablet=\u00bb22px\u00bb header_3_font_size_phone=\u00bb16px\u00bb header_3_font_size_last_edited=\u00bbon|phone\u00bb header_3_line_height_tablet=\u00bb1.2em\u00bb header_3_line_height_phone=\u00bb1.4em\u00bb header_3_line_height_last_edited=\u00bboff|desktop\u00bb locked=\u00bboff\u00bb global_colors_info=\u00bb{}\u00bb]<\/p>\n<h3>C\u00e1psulas radiales\u00a0<\/h3>\n<p>[\/et_pb_text][et_pb_text _builder_version=\u00bb4.21.0&#8243; _module_preset=\u00bb7262e956-c376-4aa6-9642-c413f71527d0&#8243; text_line_height=\u00bb1.8em\u00bb custom_padding=\u00bb||0px|||\u00bb text_font_size_tablet=\u00bb\u00bb text_font_size_phone=\u00bb13px\u00bb text_font_size_last_edited=\u00bbon|phone\u00bb header_font_size_tablet=\u00bb55px\u00bb header_font_size_last_edited=\u00bboff|desktop\u00bb locked=\u00bboff\u00bb global_colors_info=\u00bb{}\u00bb]<\/p>\n<h4 class=\"Theme-Layer-BodyText-Heading-xs Theme-TextSize-smallest h-align-left\">Las c\u00e1psulas radiales son formatos que pueden llegar a un publico amplio, incluyendo aquellos que quiz\u00e1s no tienen acceso a la educaci\u00f3n formal o a recursos m\u00e1s acad\u00e9micos.<br \/>Estos medios permiten que la informaci\u00f3n sobre temas ambientales sea accesible para diferentes grupos de edad y contextos socioecon\u00f3micos.<\/h4>\n<p>[\/et_pb_text][\/et_pb_column][et_pb_column type=\u00bb1_3&#8243; _builder_version=\u00bb4.16&#8243; _module_preset=\u00bbdefault\u00bb background_color=\u00bb#ffffff\u00bb custom_padding=\u00bb30px|30px|30px|30px|true|true\u00bb custom_padding_tablet=\u00bb\u00bb custom_padding_phone=\u00bb20px|20px|20px|20px|true|true\u00bb custom_padding_last_edited=\u00bbon|phone\u00bb global_colors_info=\u00bb{}\u00bb][et_pb_image src=\u00bbhttps:\/\/guardianesdelacocha.revistacitrico.com\/wp-content\/uploads\/2025\/05\/IMG_4396-scaled.jpg\u00bb title_text=\u00bbIMG_4396&#8243; _builder_version=\u00bb4.21.0&#8243; _module_preset=\u00bbdefault\u00bb custom_margin=\u00bb-100px||40px||false|false\u00bb custom_margin_tablet=\u00bb0px||||false|false\u00bb custom_margin_phone=\u00bb\u00bb custom_margin_last_edited=\u00bbon|phone\u00bb box_shadow_style=\u00bbpreset3&#8243; box_shadow_vertical=\u00bb20px\u00bb box_shadow_blur=\u00bb50px\u00bb box_shadow_spread=\u00bb0px\u00bb box_shadow_color=\u00bbrgba(40,40,40,0.4)\u00bb locked=\u00bboff\u00bb global_colors_info=\u00bb{}\u00bb][\/et_pb_image][et_pb_text _builder_version=\u00bb4.21.0&#8243; _module_preset=\u00bb0c6bc8be-1265-496d-a8dc-bc5e9a9a9edf\u00bb header_font=\u00bb||||||||\u00bb header_3_font=\u00bbNoto Serif||||||||\u00bb header_3_text_color=\u00bb#000000&#8243; header_3_font_size=\u00bb20px\u00bb header_3_line_height=\u00bb1.4em\u00bb custom_margin=\u00bb||-1px||false|false\u00bb header_3_font_size_tablet=\u00bb22px\u00bb header_3_font_size_phone=\u00bb16px\u00bb header_3_font_size_last_edited=\u00bbon|phone\u00bb header_3_line_height_tablet=\u00bb1.2em\u00bb header_3_line_height_phone=\u00bb1.4em\u00bb header_3_line_height_last_edited=\u00bboff|desktop\u00bb locked=\u00bboff\u00bb global_colors_info=\u00bb{}\u00bb]<\/p>\n<h3>Entrevistas<\/h3>\n<p>[\/et_pb_text][et_pb_text _builder_version=\u00bb4.21.0&#8243; _module_preset=\u00bb7262e956-c376-4aa6-9642-c413f71527d0&#8243; text_line_height=\u00bb1.8em\u00bb custom_padding=\u00bb||0px|||\u00bb text_font_size_tablet=\u00bb\u00bb text_font_size_phone=\u00bb13px\u00bb text_font_size_last_edited=\u00bbon|phone\u00bb header_font_size_tablet=\u00bb55px\u00bb header_font_size_last_edited=\u00bboff|desktop\u00bb locked=\u00bboff\u00bb global_colors_info=\u00bb{}\u00bb]<\/p>\n<h4>Entrevistas a expertos y\u00a0 miembros de la comunidad para obtener diversas perspectivas sobre problemas medioambientales y pr\u00e1cticas sostenibles.<\/h4>\n<p>[\/et_pb_text][\/et_pb_column][et_pb_column type=\u00bb1_3&#8243; _builder_version=\u00bb4.16&#8243; _module_preset=\u00bbdefault\u00bb background_color=\u00bb#ffffff\u00bb custom_padding=\u00bb30px|30px|30px|30px|true|true\u00bb custom_padding_tablet=\u00bb\u00bb custom_padding_phone=\u00bb20px|20px|20px|20px|true|true\u00bb custom_padding_last_edited=\u00bbon|phone\u00bb global_colors_info=\u00bb{}\u00bb][et_pb_image src=\u00bbhttps:\/\/guardianesdelacocha.revistacitrico.com\/wp-content\/uploads\/2025\/05\/IMG_4322-1-scaled.jpg\u00bb title_text=\u00bbIMG_4322 (1)\u00bb _builder_version=\u00bb4.21.0&#8243; _module_preset=\u00bbdefault\u00bb custom_margin=\u00bb-100px||40px||false|false\u00bb custom_margin_tablet=\u00bb0px||||false|false\u00bb custom_margin_phone=\u00bb\u00bb custom_margin_last_edited=\u00bbon|phone\u00bb box_shadow_style=\u00bbpreset3&#8243; box_shadow_vertical=\u00bb20px\u00bb box_shadow_blur=\u00bb50px\u00bb box_shadow_spread=\u00bb0px\u00bb box_shadow_color=\u00bbrgba(40,40,40,0.4)\u00bb locked=\u00bboff\u00bb global_colors_info=\u00bb{}\u00bb][\/et_pb_image][et_pb_text _builder_version=\u00bb4.16&#8243; _module_preset=\u00bb0c6bc8be-1265-496d-a8dc-bc5e9a9a9edf\u00bb header_font=\u00bb||||||||\u00bb header_3_font=\u00bbNoto Serif||||||||\u00bb header_3_text_color=\u00bb#000000&#8243; header_3_font_size=\u00bb20px\u00bb header_3_line_height=\u00bb1.4em\u00bb custom_margin=\u00bb||-1px||false|false\u00bb header_3_font_size_tablet=\u00bb22px\u00bb header_3_font_size_phone=\u00bb16px\u00bb header_3_font_size_last_edited=\u00bbon|phone\u00bb header_3_line_height_tablet=\u00bb1.2em\u00bb header_3_line_height_phone=\u00bb1.4em\u00bb header_3_line_height_last_edited=\u00bboff|desktop\u00bb locked=\u00bboff\u00bb global_colors_info=\u00bb{}\u00bb]<\/p>\n<h3>Podcast\u00a0<\/h3>\n<p>[\/et_pb_text][et_pb_text _builder_version=\u00bb4.21.0&#8243; _module_preset=\u00bb7262e956-c376-4aa6-9642-c413f71527d0&#8243; text_line_height=\u00bb1.8em\u00bb text_font_size_tablet=\u00bb\u00bb text_font_size_phone=\u00bb13px\u00bb text_font_size_last_edited=\u00bbon|phone\u00bb header_font_size_tablet=\u00bb55px\u00bb header_font_size_last_edited=\u00bboff|desktop\u00bb locked=\u00bboff\u00bb global_colors_info=\u00bb{}\u00bb]<\/p>\n<h4>Los podcasts son una forma poderosa de comunicar y amplifcar la importancia del cuidado medioambiental, creando conciencia e inspirando a la acci\u00f3n.<\/h4>\n<p>[\/et_pb_text][\/et_pb_column][\/et_pb_row][et_pb_row column_structure=\u00bb1_3,1_3,1_3&#8243; use_custom_gutter=\u00bbon\u00bb gutter_width=\u00bb2&#8243; _builder_version=\u00bb4.16&#8243; _module_preset=\u00bbdefault\u00bb transform_translate=\u00bb1px|0px\u00bb transform_translate_linked=\u00bboff\u00bb custom_margin=\u00bb-12vw||||false|false\u00bb global_colors_info=\u00bb{}\u00bb][et_pb_column type=\u00bb1_3&#8243; _builder_version=\u00bb4.16&#8243; _module_preset=\u00bbdefault\u00bb background_color=\u00bb#ffffff\u00bb custom_padding=\u00bb30px|30px|30px|30px|true|true\u00bb custom_padding_tablet=\u00bb\u00bb custom_padding_phone=\u00bb20px|20px|20px|20px|true|true\u00bb custom_padding_last_edited=\u00bbon|phone\u00bb global_colors_info=\u00bb{}\u00bb][\/et_pb_column][et_pb_column type=\u00bb1_3&#8243; _builder_version=\u00bb4.16&#8243; _module_preset=\u00bbdefault\u00bb background_color=\u00bb#ffffff\u00bb custom_padding=\u00bb30px|30px|30px|30px|true|true\u00bb custom_padding_tablet=\u00bb\u00bb custom_padding_phone=\u00bb20px|20px|20px|20px|true|true\u00bb custom_padding_last_edited=\u00bbon|phone\u00bb global_colors_info=\u00bb{}\u00bb][et_pb_text _builder_version=\u00bb4.21.0&#8243; _module_preset=\u00bb0c6bc8be-1265-496d-a8dc-bc5e9a9a9edf\u00bb header_font=\u00bb||||||||\u00bb header_3_font=\u00bbNoto Serif||||||||\u00bb header_3_text_color=\u00bb#000000&#8243; header_3_font_size=\u00bb20px\u00bb header_3_line_height=\u00bb1.4em\u00bb custom_margin=\u00bb||-133px||false|false\u00bb custom_padding=\u00bb66px|||||\u00bb header_3_font_size_tablet=\u00bb22px\u00bb header_3_font_size_phone=\u00bb16px\u00bb header_3_font_size_last_edited=\u00bbon|phone\u00bb header_3_line_height_tablet=\u00bb1.2em\u00bb header_3_line_height_phone=\u00bb1.4em\u00bb header_3_line_height_last_edited=\u00bboff|desktop\u00bb locked=\u00bboff\u00bb global_colors_info=\u00bb{}\u00bb]<\/p>\n<h3>Teatro\u00a0<\/h3>\n<p>[\/et_pb_text][et_pb_image src=\u00bbhttps:\/\/guardianesdelacocha.revistacitrico.com\/wp-content\/uploads\/2025\/05\/6-scaled.jpg\u00bb title_text=\u00bb6&#8243; _builder_version=\u00bb4.21.0&#8243; _module_preset=\u00bbdefault\u00bb min_height=\u00bb149.6px\u00bb custom_margin=\u00bb140px||40px||false|false\u00bb custom_margin_tablet=\u00bb0px||||false|false\u00bb custom_margin_phone=\u00bb\u00bb custom_margin_last_edited=\u00bbon|phone\u00bb box_shadow_style=\u00bbpreset3&#8243; box_shadow_vertical=\u00bb20px\u00bb box_shadow_blur=\u00bb50px\u00bb box_shadow_spread=\u00bb0px\u00bb box_shadow_color=\u00bbrgba(40,40,40,0.4)\u00bb locked=\u00bboff\u00bb global_colors_info=\u00bb{}\u00bb][\/et_pb_image][et_pb_text _builder_version=\u00bb4.21.0&#8243; _module_preset=\u00bb7262e956-c376-4aa6-9642-c413f71527d0&#8243; text_line_height=\u00bb1.8em\u00bb custom_margin=\u00bb||113px|||\u00bb custom_padding=\u00bb||5px|||\u00bb text_font_size_tablet=\u00bb\u00bb text_font_size_phone=\u00bb13px\u00bb text_font_size_last_edited=\u00bbon|phone\u00bb header_font_size_tablet=\u00bb55px\u00bb header_font_size_last_edited=\u00bboff|desktop\u00bb locked=\u00bboff\u00bb global_colors_info=\u00bb{}\u00bb]<\/p>\n<h4>El teatro es una herramienta poderosa para comunicar y promover el cuidado del medio ambiente, logrando un impacto emocional que puede llevar a cambios significativos en la comunidad<\/h4>\n<p>[\/et_pb_text][\/et_pb_column][et_pb_column type=\u00bb1_3&#8243; _builder_version=\u00bb4.16&#8243; _module_preset=\u00bbdefault\u00bb background_color=\u00bb#ffffff\u00bb custom_padding=\u00bb30px|30px|30px|30px|true|true\u00bb custom_padding_tablet=\u00bb\u00bb custom_padding_phone=\u00bb20px|20px|20px|20px|true|true\u00bb custom_padding_last_edited=\u00bbon|phone\u00bb global_colors_info=\u00bb{}\u00bb][et_pb_text _builder_version=\u00bb4.16&#8243; _module_preset=\u00bb0c6bc8be-1265-496d-a8dc-bc5e9a9a9edf\u00bb header_font=\u00bb||||||||\u00bb header_3_font=\u00bbNoto Serif||||||||\u00bb header_3_text_color=\u00bb#000000&#8243; header_3_font_size=\u00bb20px\u00bb header_3_line_height=\u00bb1.4em\u00bb min_height=\u00bb28px\u00bb custom_margin=\u00bb||-1px||false|false\u00bb custom_padding=\u00bb65px|||||\u00bb header_3_font_size_tablet=\u00bb22px\u00bb header_3_font_size_phone=\u00bb16px\u00bb header_3_font_size_last_edited=\u00bbon|phone\u00bb header_3_line_height_tablet=\u00bb1.2em\u00bb header_3_line_height_phone=\u00bb1.4em\u00bb header_3_line_height_last_edited=\u00bboff|desktop\u00bb locked=\u00bboff\u00bb global_colors_info=\u00bb{}\u00bb]<\/p>\n<h3>Audiovisuales\u00a0<\/h3>\n<p>[\/et_pb_text][et_pb_image src=\u00bbhttps:\/\/guardianesdelacocha.revistacitrico.com\/wp-content\/uploads\/2025\/05\/MOTION.jpeg\u00bb title_text=\u00bbMOTION\u00bb _builder_version=\u00bb4.21.0&#8243; _module_preset=\u00bbdefault\u00bb min_height=\u00bb47.5px\u00bb custom_margin=\u00bb12px||40px||false|false\u00bb custom_margin_tablet=\u00bb0px||||false|false\u00bb custom_margin_phone=\u00bb\u00bb custom_margin_last_edited=\u00bbon|phone\u00bb box_shadow_style=\u00bbpreset3&#8243; box_shadow_vertical=\u00bb20px\u00bb box_shadow_blur=\u00bb50px\u00bb box_shadow_spread=\u00bb0px\u00bb box_shadow_color=\u00bbrgba(40,40,40,0.4)\u00bb locked=\u00bboff\u00bb global_colors_info=\u00bb{}\u00bb][\/et_pb_image][et_pb_text _builder_version=\u00bb4.21.0&#8243; _module_preset=\u00bb7262e956-c376-4aa6-9642-c413f71527d0&#8243; text_line_height=\u00bb1.8em\u00bb text_font_size_tablet=\u00bb\u00bb text_font_size_phone=\u00bb13px\u00bb text_font_size_last_edited=\u00bbon|phone\u00bb header_font_size_tablet=\u00bb55px\u00bb header_font_size_last_edited=\u00bboff|desktop\u00bb locked=\u00bboff\u00bb global_colors_info=\u00bb{}\u00bb]<\/p>\n<h4>Los audiovisuales son herramientas poderosas para comunicar mensajes sobre e\/ cuidado del medio ambiente, logrando un impacto duradero y movilizando a las personas hacia un cambio positivo.<\/h4>\n<p>[\/et_pb_text][\/et_pb_column][\/et_pb_row][\/et_pb_section][et_pb_section fb_built=\u00bb1&#8243; _builder_version=\u00bb4.21.0&#8243; _module_preset=\u00bbdefault\u00bb global_colors_info=\u00bb{}\u00bb][\/et_pb_section][et_pb_section fb_built=\u00bb1&#8243; padding_top_2=\u00bb150px\u00bb padding_top_bottom_link_2=\u00bbfalse\u00bb padding_left_right_link_2=\u00bbfalse\u00bb admin_label=\u00bbFeatures \u00bb module_id=\u00bb3&#8243; _builder_version=\u00bb4.21.0&#8243; _module_preset=\u00bbdefault\u00bb background_color=\u00bbgcid-3d886ef6-8731-4e14-8402-fb3e08bbe225&#8243; background_enable_color=\u00bboff\u00bb use_background_color_gradient=\u00bbon\u00bb background_color_gradient_stops=\u00bb#fffaf4 74%|#ffffff 74%\u00bb background_color_gradient_start=\u00bb#fffaf4&#8243; background_color_gradient_start_position=\u00bb74%\u00bb background_color_gradient_end=\u00bb#ffffff\u00bb background_color_gradient_end_position=\u00bb74%\u00bb custom_padding=\u00bb||0px||false|false\u00bb hover_enabled=\u00bb0&#8243; global_colors_info=\u00bb{%22gcid-3d886ef6-8731-4e14-8402-fb3e08bbe225%22:%91%22background_color%22%93}\u00bb sticky_enabled=\u00bb0&#8243;][et_pb_row column_structure=\u00bb1_2,1_2&#8243; _builder_version=\u00bb4.16&#8243; _module_preset=\u00bbdefault\u00bb global_colors_info=\u00bb{}\u00bb][et_pb_column type=\u00bb1_2&#8243; _builder_version=\u00bb4.16&#8243; _module_preset=\u00bbdefault\u00bb global_colors_info=\u00bb{}\u00bb][et_pb_text _builder_version=\u00bb4.16&#8243; _module_preset=\u00bb003e9429-8e11-4d9e-968b-8881092bbf81&#8243; header_2_font=\u00bbNoto Serif||||||||\u00bb header_2_text_color=\u00bb#000000&#8243; header_2_font_size=\u00bb50px\u00bb header_2_line_height=\u00bb1.3em\u00bb custom_margin=\u00bb||10px||false|false\u00bb header_2_font_size_tablet=\u00bb32px\u00bb header_2_font_size_phone=\u00bb18px\u00bb header_2_font_size_last_edited=\u00bbon|desktop\u00bb header_2_line_height_tablet=\u00bb1.2em\u00bb header_2_line_height_phone=\u00bb1.2em\u00bb header_2_line_height_last_edited=\u00bboff|desktop\u00bb locked=\u00bboff\u00bb global_colors_info=\u00bb{}\u00bb]<\/p>\n<h2>Territorio<\/h2>\n<p>[\/et_pb_text][et_pb_text _builder_version=\u00bb4.16&#8243; _module_preset=\u00bb7262e956-c376-4aa6-9642-c413f71527d0&#8243; text_line_height=\u00bb1.8em\u00bb custom_padding=\u00bb||24px|||\u00bb text_font_size_tablet=\u00bb\u00bb text_font_size_phone=\u00bb13px\u00bb text_font_size_last_edited=\u00bbon|phone\u00bb header_font_size_tablet=\u00bb55px\u00bb header_font_size_last_edited=\u00bboff|desktop\u00bb locked=\u00bboff\u00bb global_colors_info=\u00bb{}\u00bb]<\/p>\n<p><span>El corregimiento de El Encano se sit\u00faa a 27 km al oriente de la ciudad de San Juan de Pasto, en las cercan\u00edas de la laguna de La Cocha. La regi\u00f3n se caracteriza por una temperatura promedio de 9 a 11 grados cent\u00edgrados y una altitud aproximada de 2800 metros sobre el nivel del mar, comprendiendo un total de 18 veredas junto al casco urbano. El acceso al puerto de la laguna est\u00e1 mayormente pavimentado, con los \u00faltimos 400 metros de camino siendo de tierra. A lo largo de este trayecto, se encuentran diversos restaurantes que ofrecen la gastronom\u00eda t\u00edpica del lugar, especialmente la trucha de la laguna, as\u00ed como opciones de hospedaje y estacionamientos. Las edificaciones a ambos lados de los canales de agua que conducen a la laguna son caracter\u00edsticos, siendo las lanchas el principal medio de transporte hacia el interior de la misma.<\/span><\/p>\n<p>[\/et_pb_text][et_pb_button button_url=\u00bbhttps:\/\/www.youtube.com\/watch?v=ImGRYglefzo\u00bb button_text=\u00bbConoce mas\u00bb _builder_version=\u00bb4.21.0&#8243; _module_preset=\u00bbf05bba5e-c4ed-4d16-99f6-de883c2b94d5&#8243; custom_button=\u00bbon\u00bb button_text_size=\u00bb12px\u00bb button_text_color=\u00bb#000000&#8243; button_bg_color=\u00bbRGBA(0,0,0,0)\u00bb button_bg_image=\u00bbhttps:\/\/guardianesdelacocha.revistacitrico.com\/wp-content\/uploads\/2025\/05\/home-staging_93.png\u00bb button_bg_size=\u00bbinitial\u00bb button_bg_position=\u00bbcenter_right\u00bb button_border_width=\u00bb0px\u00bb button_border_color=\u00bbRGBA(0,0,0,0)\u00bb button_border_radius=\u00bb0px\u00bb button_letter_spacing=\u00bb3px\u00bb button_font=\u00bb|700||on|||||\u00bb button_use_icon=\u00bboff\u00bb custom_padding=\u00bb|60px||0px|false|false\u00bb locked=\u00bboff\u00bb global_colors_info=\u00bb{}\u00bb][\/et_pb_button][et_pb_image src=\u00bbhttps:\/\/guardianesdelacocha.revistacitrico.com\/wp-content\/uploads\/2025\/05\/cropped-17c6f57c-0502-45b1-858f-52ce396679aa-15.jpeg\u00bb title_text=\u00bbcropped-17c6f57c-0502-45b1-858f-52ce396679aa-15&#8243; _builder_version=\u00bb4.21.0&#8243; _module_preset=\u00bbdefault\u00bb global_colors_info=\u00bb{}\u00bb][\/et_pb_image][\/et_pb_column][et_pb_column type=\u00bb1_2&#8243; _builder_version=\u00bb4.16&#8243; _module_preset=\u00bbdefault\u00bb custom_padding=\u00bb100px||||false|false\u00bb custom_padding_tablet=\u00bb0px||||false|false\u00bb custom_padding_phone=\u00bb\u00bb custom_padding_last_edited=\u00bbon|tablet\u00bb global_colors_info=\u00bb{}\u00bb][et_pb_image src=\u00bbhttps:\/\/guardianesdelacocha.revistacitrico.com\/wp-content\/uploads\/2025\/05\/home-staging_89.png\u00bb title_text=\u00bbhome-staging_89&#8243; _builder_version=\u00bb4.16&#8243; _module_preset=\u00bbdefault\u00bb width=\u00bb70%\u00bb custom_margin=\u00bb||||false|false\u00bb global_colors_info=\u00bb{}\u00bb][\/et_pb_image][\/et_pb_column][\/et_pb_row][\/et_pb_section][et_pb_section fb_built=\u00bb1&#8243; specialty=\u00bbon\u00bb admin_label=\u00bbHow it Works\u00bb _builder_version=\u00bb4.16&#8243; _module_preset=\u00bbdefault\u00bb use_background_color_gradient=\u00bbon\u00bb background_color_gradient_stops=\u00bb#ffffff 80%|#fffaf4 80%\u00bb background_color_gradient_start=\u00bb#ffffff\u00bb background_color_gradient_start_position=\u00bb80%\u00bb background_color_gradient_end=\u00bb#fffaf4&#8243; background_color_gradient_end_position=\u00bb80%\u00bb custom_padding=\u00bb||0px||false|false\u00bb global_colors_info=\u00bb{}\u00bb][et_pb_column type=\u00bb1_2&#8243; specialty_columns=\u00bb2&#8243; _builder_version=\u00bb4.16&#8243; custom_padding=\u00bb|||\u00bb global_colors_info=\u00bb{}\u00bb custom_padding__hover=\u00bb|||\u00bb][et_pb_row_inner _builder_version=\u00bb4.16&#8243; _module_preset=\u00bbdefault\u00bb custom_padding=\u00bb||0px|||\u00bb global_colors_info=\u00bb{}\u00bb][et_pb_column_inner saved_specialty_column_type=\u00bb1_2&#8243; _builder_version=\u00bb4.16&#8243; _module_preset=\u00bbdefault\u00bb global_colors_info=\u00bb{}\u00bb][et_pb_text _builder_version=\u00bb4.16&#8243; _module_preset=\u00bb003e9429-8e11-4d9e-968b-8881092bbf81&#8243; header_2_font=\u00bbNoto Serif||||||||\u00bb header_2_text_color=\u00bb#000000&#8243; header_2_font_size=\u00bb50px\u00bb header_2_line_height=\u00bb1.3em\u00bb custom_margin=\u00bb||10px||false|false\u00bb header_2_font_size_tablet=\u00bb32px\u00bb header_2_font_size_phone=\u00bb18px\u00bb header_2_font_size_last_edited=\u00bbon|desktop\u00bb header_2_line_height_tablet=\u00bb1.2em\u00bb header_2_line_height_phone=\u00bb1.2em\u00bb header_2_line_height_last_edited=\u00bboff|desktop\u00bb locked=\u00bboff\u00bb global_colors_info=\u00bb{}\u00bb]<\/p>\n<h2>Poblaci\u00f3n<\/h2>\n<p>[\/et_pb_text][et_pb_text _builder_version=\u00bb4.16&#8243; _module_preset=\u00bb7262e956-c376-4aa6-9642-c413f71527d0&#8243; text_line_height=\u00bb1.8em\u00bb custom_padding=\u00bb||24px|||\u00bb text_font_size_tablet=\u00bb\u00bb text_font_size_phone=\u00bb13px\u00bb text_font_size_last_edited=\u00bbon|phone\u00bb header_font_size_tablet=\u00bb55px\u00bb header_font_size_last_edited=\u00bboff|desktop\u00bb locked=\u00bboff\u00bb global_colors_info=\u00bb{}\u00bb]<\/p>\n<p><span class=\"Theme-ForegroundColorCustom-zC7Jv0\">La poblaci\u00f3n del corregimiento de El Encano es diversa, compuesta por ind\u00edgenas, campesinos, mestizos y tambi\u00e9n extranjeros. Su base econ\u00f3mica se centra en la agricultura campesina, dedicada al cultivo de mora, papa, cebolla y la cr\u00eda de especies mayores y menores. Estas actividades tienen una conexi\u00f3n directa con la oferta tur\u00edstica, ya que el lago Guamuez es reconocido a nivel local, regional y nacional como uno de los destinos m\u00e1s atractivos para el turismo agroambiental.<\/span><\/p>\n<p class=\"\"><span class=\"Theme-ForegroundColorCustom-zC7Jv0\">La principal fuente econ\u00f3mica del corregimiento es su atractivo tur\u00edstico, con la laguna de La Cocha, el santuario de flora y fauna de la isla La Corota y las reservas naturales, siendo la reserva Encanto Andino una de las m\u00e1s destacadas. Adem\u00e1s, el servicio de hospedaje en las diferentes veredas alrededor de la laguna y los restaurantes que ofrecen productos locales, especialmente la trucha de la laguna de La Cocha, contribuyen significativamente a la econom\u00eda local.<\/span><\/p>\n<p>[\/et_pb_text][\/et_pb_column_inner][\/et_pb_row_inner][\/et_pb_column][et_pb_column type=\u00bb1_2&#8243; _builder_version=\u00bb4.16&#8243; custom_padding=\u00bb|||\u00bb global_colors_info=\u00bb{}\u00bb custom_padding__hover=\u00bb|||\u00bb][et_pb_image src=\u00bbhttps:\/\/guardianesdelacocha.revistacitrico.com\/wp-content\/uploads\/2025\/05\/Poblacion.jpg\u00bb title_text=\u00bbPoblaci\u00f3n\u00bb _builder_version=\u00bb4.21.0&#8243; _module_preset=\u00bbdefault\u00bb global_colors_info=\u00bb{}\u00bb][\/et_pb_image][\/et_pb_column][\/et_pb_section][et_pb_section fb_built=\u00bb1&#8243; admin_label=\u00bbHeader\u00bb _builder_version=\u00bb4.16&#8243; _module_preset=\u00bbdefault\u00bb background_color=\u00bb#687D65&#8243; background_color_gradient_direction=\u00bb90deg\u00bb overflow-x=\u00bbhidden\u00bb overflow-y=\u00bbhidden\u00bb custom_padding=\u00bb0px||0px||false|false\u00bb global_colors_info=\u00bb{%22gcid-69e972fe-da24-4a3a-ae69-014a9d9ad22b%22:%91%22colorStart%22%93}\u00bb][et_pb_row column_structure=\u00bb1_2,1_2&#8243; use_custom_gutter=\u00bbon\u00bb gutter_width=\u00bb1&#8243; _builder_version=\u00bb4.16&#8243; _module_preset=\u00bbdefault\u00bb custom_padding=\u00bb0px||0px||true|false\u00bb global_colors_info=\u00bb{}\u00bb][et_pb_column type=\u00bb1_2&#8243; _builder_version=\u00bb4.16&#8243; _module_preset=\u00bbdefault\u00bb custom_padding=\u00bb100px|60px|200px||false|false\u00bb custom_padding_tablet=\u00bb60px|0px|60px||true|false\u00bb custom_padding_phone=\u00bb40px||40px||true|false\u00bb custom_padding_last_edited=\u00bbon|phone\u00bb global_colors_info=\u00bb{}\u00bb][et_pb_text _builder_version=\u00bb4.21.0&#8243; _module_preset=\u00bbe598b17a-9229-42f6-b238-019d6094332e\u00bb header_font=\u00bbNoto Serif||||||||\u00bb header_text_color=\u00bb#FFFFFF\u00bb header_font_size=\u00bb90px\u00bb header_line_height=\u00bb1.1em\u00bb background_enable_color=\u00bboff\u00bb background_enable_image=\u00bboff\u00bb background_size=\u00bbinitial\u00bb background_position=\u00bbtop_right\u00bb width=\u00bb100%\u00bb custom_margin=\u00bb||10px||false|false\u00bb header_font_size_tablet=\u00bb50px\u00bb header_font_size_phone=\u00bb30px\u00bb header_font_size_last_edited=\u00bbon|phone\u00bb header_line_height_tablet=\u00bb1.2em\u00bb header_line_height_phone=\u00bb1.2em\u00bb header_line_height_last_edited=\u00bbon|desktop\u00bb locked=\u00bboff\u00bb inline_fonts=\u00bbAbhaya Libre\u00bb global_colors_info=\u00bb{}\u00bb]<\/p>\n<h1><span style=\"text-decoration: underline;\"><span style=\"font-family: inherit; font-weight: normal;\"><strong><span style=\"font-size: xx-large;\">Problem\u00e1ticas<\/span><\/strong><\/span><\/span><\/h1>\n<p>&nbsp;<\/p>\n<p>[\/et_pb_text][et_pb_text _builder_version=\u00bb4.21.0&#8243; _module_preset=\u00bb7262e956-c376-4aa6-9642-c413f71527d0&#8243; text_text_color=\u00bb#FFFFFF\u00bb text_line_height=\u00bb1.8em\u00bb background_enable_color=\u00bboff\u00bb custom_margin=\u00bb30px||30px|50px|true|false\u00bb custom_margin_tablet=\u00bb|||0px|false|false\u00bb custom_margin_phone=\u00bb\u00bb custom_margin_last_edited=\u00bbon|phone\u00bb custom_padding=\u00bb||35px||false|false\u00bb custom_padding_tablet=\u00bb30px||30px|60px|false|false\u00bb custom_padding_phone=\u00bb20px||20px|0px|true|false\u00bb custom_padding_last_edited=\u00bboff|desktop\u00bb text_font_size_tablet=\u00bb\u00bb text_font_size_phone=\u00bb13px\u00bb text_font_size_last_edited=\u00bbon|phone\u00bb header_font_size_tablet=\u00bb55px\u00bb header_font_size_last_edited=\u00bboff|desktop\u00bb locked=\u00bboff\u00bb global_colors_info=\u00bb{}\u00bb]<\/p>\n<blockquote>\n<p class=\"Theme-TextSize-default h-align-center\">Las problem\u00e1ticas que enfrenta el Encano son m\u00faltiples y de gran relevancia, especialmente considerando que este lugar es reconocido como un humedal Ramsar, lo que implica una responsabilidad adicional en su conservaci\u00f3n y cuidado. En nuestro colectivo hemos identificado algunas de estas problem\u00e1ticas que est\u00e1n a nuestro alcance para abordar y solucionar.<\/p>\n<p class=\"h-align-left\">Una de las principales inquietudes es el manejo inadecuado de residuos. Muchos habitantes y turistas arrojan basura en zonas p\u00fablicas, lo que no solo afecta la est\u00e9tica del lugar, sino que tambi\u00e9n contamina el entorno natural. Al ser un centro tur\u00edstico muy visitado, el flujo constante de personas contribuye significativamente a esta situaci\u00f3n. La falta de respeto por el entorno se traduce en desechos dispersos, lo que pone en riesgo la flora y fauna del humedal.<\/p>\n<\/blockquote>\n<p>[\/et_pb_text][et_pb_text _builder_version=\u00bb4.21.0&#8243; _module_preset=\u00bb7262e956-c376-4aa6-9642-c413f71527d0&#8243; text_text_color=\u00bb#FFFFFF\u00bb text_line_height=\u00bb1.8em\u00bb background_enable_color=\u00bboff\u00bb width=\u00bb100%\u00bb custom_margin=\u00bb30px||30px|50px|true|false\u00bb custom_margin_tablet=\u00bb|||0px|false|false\u00bb custom_margin_phone=\u00bb\u00bb custom_margin_last_edited=\u00bbon|phone\u00bb custom_padding=\u00bb||35px||false|false\u00bb custom_padding_tablet=\u00bb30px||30px|60px|false|false\u00bb custom_padding_phone=\u00bb20px||20px|0px|true|false\u00bb custom_padding_last_edited=\u00bboff|desktop\u00bb text_font_size_tablet=\u00bb\u00bb text_font_size_phone=\u00bb13px\u00bb text_font_size_last_edited=\u00bbon|phone\u00bb header_font_size_tablet=\u00bb55px\u00bb header_font_size_last_edited=\u00bboff|desktop\u00bb locked=\u00bboff\u00bb global_colors_info=\u00bb{}\u00bb]<\/p>\n<blockquote>\n<p class=\"Theme-TextSize-default h-align-left\">La infraestructura de recolecci\u00f3n de basura es insuficiente. Actualmente, el Encano no cuenta con un n\u00famero adecuado de basureros para satisfacer las necesidades de la poblaci\u00f3n urbana ni de los visitantes. Esta carencia provoca que los desechos se acumulen en \u00e1reas no habilitadas para ello, aumentando la contaminaci\u00f3n del suelo y del agua.<\/p>\n<p class=\"Theme-TextSize-default h-align-left\">Otro factor cr\u00edtico es la alta generaci\u00f3n de desechos inorg\u00e1nicos. En un lugar tur\u00edstico como el Encano, es com\u00fan que las ventas se realicen a trav\u00e9s de productos desechables y no reutilizables. Esto no solo genera una cantidad excesiva de basura, sino que tambi\u00e9n contribuye al deterioro ambiental. La cultura del consumo inmediato y la falta de alternativas sostenibles agravan a\u00fan m\u00e1s esta problem\u00e1tica<\/p>\n<\/blockquote>\n<p>[\/et_pb_text][\/et_pb_column][et_pb_column type=\u00bb1_2&#8243; _builder_version=\u00bb4.16&#8243; _module_preset=\u00bbdefault\u00bb global_colors_info=\u00bb{}\u00bb][et_pb_image src=\u00bbhttps:\/\/guardianesdelacocha.revistacitrico.com\/wp-content\/uploads\/2025\/05\/IMG_4397-1-scaled.jpg\u00bb title_text=\u00bbIMG_4397&#8243; _builder_version=\u00bb4.21.0&#8243; _module_preset=\u00bbdefault\u00bb custom_margin=\u00bb|-60%|||false|false\u00bb custom_margin_tablet=\u00bb|0%|||false|false\u00bb custom_margin_phone=\u00bb\u00bb custom_margin_last_edited=\u00bbon|tablet\u00bb locked=\u00bboff\u00bb global_colors_info=\u00bb{}\u00bb][\/et_pb_image][\/et_pb_column][\/et_pb_row][\/et_pb_section][et_pb_section fb_built=\u00bb1&#8243; admin_label=\u00bbTestimonial\u00bb module_id=\u00bb4&#8243; _builder_version=\u00bb4.21.0&#8243; _module_preset=\u00bbdefault\u00bb background_color=\u00bb#FFFAF4&#8243; hover_enabled=\u00bb0&#8243; global_colors_info=\u00bb{}\u00bb sticky_enabled=\u00bb0&#8243;][et_pb_row _builder_version=\u00bb4.21.0&#8243; _module_preset=\u00bbdefault\u00bb global_colors_info=\u00bb{}\u00bb][et_pb_column type=\u00bb4_4&#8243; _builder_version=\u00bb4.21.0&#8243; _module_preset=\u00bbdefault\u00bb global_colors_info=\u00bb{}\u00bb][et_pb_text _builder_version=\u00bb4.21.0&#8243; _module_preset=\u00bbdefault\u00bb custom_padding=\u00bb||0px|||\u00bb global_colors_info=\u00bb{}\u00bb]<\/p>\n<h1>PRODUCTOS CREADOS<\/h1>\n<p>[\/et_pb_text][\/et_pb_column][\/et_pb_row][et_pb_row column_structure=\u00bb1_5,1_5,1_5,1_5,1_5&#8243; _builder_version=\u00bb4.21.0&#8243; _module_preset=\u00bbdefault\u00bb global_colors_info=\u00bb{}\u00bb][et_pb_column type=\u00bb1_5&#8243; _builder_version=\u00bb4.21.0&#8243; _module_preset=\u00bbdefault\u00bb global_colors_info=\u00bb{}\u00bb][et_pb_video src=\u00bbhttps:\/\/guardianesdelacocha.revistacitrico.com\/wp-content\/uploads\/2025\/05\/Un-gigante-en-peligro.mov\u00bb _builder_version=\u00bb4.21.0&#8243; _module_preset=\u00bbdefault\u00bb global_colors_info=\u00bb{}\u00bb][\/et_pb_video][\/et_pb_column][et_pb_column type=\u00bb1_5&#8243; _builder_version=\u00bb4.21.0&#8243; _module_preset=\u00bbdefault\u00bb global_colors_info=\u00bb{}\u00bb][et_pb_video src=\u00bbhttps:\/\/guardianesdelacocha.revistacitrico.com\/wp-content\/uploads\/2025\/05\/Protejamos-nuestro-patrimonio-.mov\u00bb _builder_version=\u00bb4.21.0&#8243; _module_preset=\u00bbdefault\u00bb global_colors_info=\u00bb{}\u00bb][\/et_pb_video][\/et_pb_column][et_pb_column type=\u00bb1_5&#8243; _builder_version=\u00bb4.21.0&#8243; _module_preset=\u00bbdefault\u00bb global_colors_info=\u00bb{}\u00bb][et_pb_video src=\u00bbhttps:\/\/guardianesdelacocha.revistacitrico.com\/wp-content\/uploads\/2025\/05\/No-heredamos-la-tierra-2.mov\u00bb _builder_version=\u00bb4.21.0&#8243; _module_preset=\u00bbdefault\u00bb global_colors_info=\u00bb{}\u00bb][\/et_pb_video][\/et_pb_column][et_pb_column type=\u00bb1_5&#8243; _builder_version=\u00bb4.21.0&#8243; _module_preset=\u00bbdefault\u00bb global_colors_info=\u00bb{}\u00bb][et_pb_video src=\u00bbhttps:\/\/guardianesdelacocha.revistacitrico.com\/wp-content\/uploads\/2025\/05\/Pequenos-actos-gran-impacto-.mov\u00bb _builder_version=\u00bb4.21.0&#8243; _module_preset=\u00bbdefault\u00bb global_colors_info=\u00bb{}\u00bb][\/et_pb_video][\/et_pb_column][et_pb_column type=\u00bb1_5&#8243; _builder_version=\u00bb4.21.0&#8243; _module_preset=\u00bbdefault\u00bb global_colors_info=\u00bb{}\u00bb][et_pb_video src=\u00bbhttps:\/\/guardianesdelacocha.revistacitrico.com\/wp-content\/uploads\/2025\/05\/Animacion-final.mov\u00bb _builder_version=\u00bb4.21.0&#8243; _module_preset=\u00bbdefault\u00bb global_colors_info=\u00bb{}\u00bb][\/et_pb_video][\/et_pb_column][\/et_pb_row][\/et_pb_section][et_pb_section fb_built=\u00bb1&#8243; admin_label=\u00bbCall to Action\u00bb _builder_version=\u00bb4.16&#8243; _module_preset=\u00bbdefault\u00bb background_color=\u00bbgcid-3d886ef6-8731-4e14-8402-fb3e08bbe225&#8243; background_color_gradient_direction=\u00bb90deg\u00bb custom_padding=\u00bb0px|0px|0px||true|false\u00bb saved_tabs=\u00bball\u00bb locked=\u00bboff\u00bb global_colors_info=\u00bb{%22gcid-3d886ef6-8731-4e14-8402-fb3e08bbe225%22:%91%22background_color%22%93}\u00bb][et_pb_row _builder_version=\u00bb4.21.0&#8243; _module_preset=\u00bbdefault\u00bb global_colors_info=\u00bb{}\u00bb][et_pb_column type=\u00bb4_4&#8243; _builder_version=\u00bb4.21.0&#8243; _module_preset=\u00bbdefault\u00bb global_colors_info=\u00bb{}\u00bb][et_pb_image src=\u00bbhttps:\/\/guardianesdelacocha.revistacitrico.com\/wp-content\/uploads\/2025\/05\/Imagen-de-WhatsApp-2025-05-18-a-las-20.40.26_4c2d1a0d.jpg\u00bb title_text=\u00bbImagen de WhatsApp 2025-05-18 a las 20.40.26_4c2d1a0d\u00bb _builder_version=\u00bb4.21.0&#8243; _module_preset=\u00bbdefault\u00bb global_colors_info=\u00bb{}\u00bb][\/et_pb_image][et_pb_blurb title=\u00bbMisi\u00f3n Laguna Viva\u00bb image=\u00bbhttps:\/\/guardianesdelacocha.revistacitrico.com\/wp-content\/uploads\/2025\/05\/IMG_4739-scaled.jpg\u00bb _builder_version=\u00bb4.21.0&#8243; _module_preset=\u00bbdefault\u00bb custom_padding=\u00bb||0px|||\u00bb global_colors_info=\u00bb{}\u00bb]<\/p>\n<p><strong>Misi\u00f3n Laguna Viva es una obra realizada desde el coraz\u00f3n de El Encano, por ni\u00f1os y ni\u00f1as los cuales se preocupan y quieren expresar lo que la laguna calla<\/strong><\/p>\n<p>[\/et_pb_blurb][\/et_pb_column][\/et_pb_row][et_pb_row column_structure=\u00bb1_3,1_3,1_3&#8243; _builder_version=\u00bb4.21.0&#8243; _module_preset=\u00bbdefault\u00bb global_colors_info=\u00bb{}\u00bb][et_pb_column type=\u00bb1_3&#8243; _builder_version=\u00bb4.21.0&#8243; _module_preset=\u00bbdefault\u00bb global_colors_info=\u00bb{}\u00bb][et_pb_audio audio=\u00bbhttps:\/\/guardianesdelacocha.revistacitrico.com\/wp-content\/uploads\/2025\/05\/Episodio-uno.mp3&#8243; title=\u00bbEpisodio 1&#8243; artist_name=\u00bbGuardianes de la Cocha\u00bb _builder_version=\u00bb4.21.0&#8243; _module_preset=\u00bbdefault\u00bb background_color=\u00bb#7CDA24&#8243; global_colors_info=\u00bb{}\u00bb][\/et_pb_audio][\/et_pb_column][et_pb_column type=\u00bb1_3&#8243; _builder_version=\u00bb4.21.0&#8243; _module_preset=\u00bbdefault\u00bb global_colors_info=\u00bb{}\u00bb][et_pb_audio audio=\u00bbhttps:\/\/guardianesdelacocha.revistacitrico.com\/wp-content\/uploads\/2025\/05\/Episodio-dos.mp3&#8243; title=\u00bbEpisodio 2&#8243; artist_name=\u00bbGuardianes de la Cocha\u00bb _builder_version=\u00bb4.21.0&#8243; _module_preset=\u00bbdefault\u00bb background_color=\u00bb#7CDA24&#8243; global_colors_info=\u00bb{}\u00bb][\/et_pb_audio][\/et_pb_column][et_pb_column type=\u00bb1_3&#8243; _builder_version=\u00bb4.21.0&#8243; _module_preset=\u00bbdefault\u00bb global_colors_info=\u00bb{}\u00bb][et_pb_audio audio=\u00bbhttps:\/\/guardianesdelacocha.revistacitrico.com\/wp-content\/uploads\/2025\/05\/Episodio-tres.mp3&#8243; title=\u00bbEpisodio 3&#8243; artist_name=\u00bbGuardianes de la Cocha\u00bb _builder_version=\u00bb4.21.0&#8243; _module_preset=\u00bbdefault\u00bb background_color=\u00bb#7CDA24&#8243; global_colors_info=\u00bb{}\u00bb][\/et_pb_audio][\/et_pb_column][\/et_pb_row][et_pb_row module_id=\u00bb5&#8243; _builder_version=\u00bb4.21.0&#8243; _module_preset=\u00bbdefault\u00bb hover_enabled=\u00bb0&#8243; global_colors_info=\u00bb{}\u00bb sticky_enabled=\u00bb0&#8243;][et_pb_column type=\u00bb4_4&#8243; _builder_version=\u00bb4.21.0&#8243; _module_preset=\u00bbdefault\u00bb global_colors_info=\u00bb{}\u00bb][et_pb_button button_url=\u00bbhttps:\/\/www.instagram.com\/guardianesdelacocha\/\u00bb button_text=\u00bbVisita nuestras redes\u00bb _builder_version=\u00bb4.21.0&#8243; _module_preset=\u00bbdefault\u00bb global_colors_info=\u00bb{}\u00bb][\/et_pb_button][\/et_pb_column][\/et_pb_row][et_pb_row _builder_version=\u00bb4.21.0&#8243; _module_preset=\u00bbdefault\u00bb global_colors_info=\u00bb{}\u00bb][et_pb_column type=\u00bb4_4&#8243; _builder_version=\u00bb4.21.0&#8243; _module_preset=\u00bbdefault\u00bb global_colors_info=\u00bb{}\u00bb][et_pb_button button_url=\u00bbhttps:\/\/wa.link\/ai120e\u00bb button_text=\u00bbCont\u00e1ctanos\u00bb _builder_version=\u00bb4.21.0&#8243; _module_preset=\u00bbdefault\u00bb global_colors_info=\u00bb{}\u00bb][\/et_pb_button][\/et_pb_column][\/et_pb_row][\/et_pb_section]<\/p>\n","protected":false},"excerpt":{"rendered":"<p>Guardianes de la Cocha &nbsp; Este colectivo esta conformado por 27 estudiantes del grado 9:2 de la IEM El Encano y por 6 estudiantes de la Universidad Mariana del octavo semestre de Comunicaci\u00f3n Social y tiene como objetivo principal fortalecer el conocimiento y la conciencia ambiental de la comunidad estudiantil de El Encano, a trav\u00e9s [&hellip;]<\/p>\n","protected":false},"author":1,"featured_media":0,"parent":0,"menu_order":0,"comment_status":"closed","ping_status":"closed","template":"","meta":{"_et_pb_use_builder":"on","_et_pb_old_content":"","_et_gb_content_width":"","footnotes":""},"class_list":["post-9","page","type-page","status-publish","hentry"],"_links":{"self":[{"href":"https:\/\/guardianesdelacocha.revistacitrico.com\/index.php\/wp-json\/wp\/v2\/pages\/9","targetHints":{"allow":["GET"]}}],"collection":[{"href":"https:\/\/guardianesdelacocha.revistacitrico.com\/index.php\/wp-json\/wp\/v2\/pages"}],"about":[{"href":"https:\/\/guardianesdelacocha.revistacitrico.com\/index.php\/wp-json\/wp\/v2\/types\/page"}],"author":[{"embeddable":true,"href":"https:\/\/guardianesdelacocha.revistacitrico.com\/index.php\/wp-json\/wp\/v2\/users\/1"}],"replies":[{"embeddable":true,"href":"https:\/\/guardianesdelacocha.revistacitrico.com\/index.php\/wp-json\/wp\/v2\/comments?post=9"}],"version-history":[{"count":11,"href":"https:\/\/guardianesdelacocha.revistacitrico.com\/index.php\/wp-json\/wp\/v2\/pages\/9\/revisions"}],"predecessor-version":[{"id":130,"href":"https:\/\/guardianesdelacocha.revistacitrico.com\/index.php\/wp-json\/wp\/v2\/pages\/9\/revisions\/130"}],"wp:attachment":[{"href":"https:\/\/guardianesdelacocha.revistacitrico.com\/index.php\/wp-json\/wp\/v2\/media?parent=9"}],"curies":[{"name":"wp","href":"https:\/\/api.w.org\/{rel}","templated":true}]}}